{"id":108,"date":"2024-10-16T09:55:28","date_gmt":"2024-10-16T07:55:28","guid":{"rendered":"https:\/\/jds.namestovo.sk\/?page_id=108"},"modified":"2024-12-19T11:17:04","modified_gmt":"2024-12-19T10:17:04","slug":"dakujeme","status":"publish","type":"page","link":"https:\/\/jds.namestovo.sk\/index.php\/dakujeme\/","title":{"rendered":"\u010eakujeme"},"content":{"rendered":"\n<p class=\"has-text-align-center\"><strong>\u010eakujeme vedeniu mesta N\u00e1mestovo za mo\u017enos\u0165 prezentova\u0165 na\u0161e aktivity v&nbsp;priestore hlavnej internetovej str\u00e1nky N\u00e1mestova<\/strong><\/p>\n\n\n\n<p class=\"has-text-align-center\">&#8212;&#8212;&#8212;&#8212;&#8212;&#8212;&#8212;&#8212;&#8212;&#8212;&#8212;&#8212;&#8212;&#8212;&#8212;&#8212;&#8212;&#8212;&#8212;&#8212;&#8212;&#8212;&#8212;&#8212;&#8212;&#8212;&#8211;<\/p>\n\n\n\n<p class=\"has-medium-font-size\"><strong>V\u00fdbor ZO JDS N\u00e1mestovo&nbsp;V\u00e1m vyslovuje srde\u010dn\u00e9 po\u010fakovanie.&nbsp;Za \u010do? Vo febru\u00e1ri sme sa iniciat\u00edvne chopili pr\u00edle\u017eitosti pom\u00f4c\u0165. Reagovali sme na v\u00fdzvu NO Depaul Slovensko, ktor\u00e1 u\u017e viac ako13 rokov pom\u00e1ha \u013eu\u010fom bez domova. Vo febru\u00e1ri boli krut\u00e9 mrazy. My sme vyzbierali u ochotn\u00fdch \u010dlenov ZO tepl\u00e9 \u0161\u00e1ly, rukavice, \u010diapky a tepl\u00e9 spodn\u00e9 pr\u00e1dlo a odoslali sme dvoma bal\u00edkmi \u013eu\u010fom v Noc\u013eah\u00e1rni sv. Vincenta v Bratislave.<\/strong><\/p>\n\n\n\n<p><strong>&#8222;Pom\u00e1hajme&nbsp;si. Solidarita ni\u010d&nbsp;nestoj\u00ed a \u017eiadne obmedzenia n\u00e1m ju nem\u00f4\u017eu vzia\u0165. \u010eAKUJEME, v\u00e1\u0161 DEPAUL t\u00edm :)&#8220;<\/strong><\/p>\n\n\n\n<p><strong>V\u00fdbor ZO JDS N\u00e1mestovo<\/strong><\/p>\n\n\n\n<p class=\"has-text-align-center\">&#8212;&#8212;&#8212;&#8212;&#8212;&#8212;&#8212;&#8212;&#8212;&#8212;&#8212;&#8212;&#8212;&#8212;&#8212;&#8212;&#8212;&#8212;&#8212;&#8212;&#8212;&#8212;&#8212;&#8212;&#8212;&#8212;&#8211;<\/p>\n\n\n\n<p><strong>Adam\u010d\u00edkov\u00e1 M\u00e1ria Mgr. ukon\u010dila k 1.1.2022 predsedovanie JDS No. \u010eakujeme za v\u00fdborn\u00e9 vedenie&nbsp;<\/strong><strong>n\u00e1\u0161ho spolo\u010denstva.<\/strong><\/p>\n\n\n\n<p class=\"has-text-align-center\">&#8212;&#8212;&#8212;&#8212;&#8212;&#8212;&#8212;&#8212;&#8212;&#8212;&#8212;&#8212;&#8212;&#8212;&#8212;&#8212;&#8212;&#8212;&#8212;&#8212;&#8212;&#8212;&#8212;&#8212;&#8212;&#8212;&#8211;<\/p>\n\n\n\n<blockquote class=\"wp-block-quote is-layout-flow wp-block-quote-is-layout-flow\">\n<p><strong>Mil\u00ed priatelia seniori!<\/strong><\/p>\n<\/blockquote>\n\n\n\n<blockquote class=\"wp-block-quote is-layout-flow wp-block-quote-is-layout-flow\">\n<p><strong>Avizovan\u00e1 brig\u00e1di\u010dka pri na\u0161om farskom kostole d\u0148a 20. 04. 2022 bola. Vyslovujeme, srde\u010dn\u00e9 P\u00e1n Boh zapla\u0165, na\u0161im menovan\u00fdm \u010dlenom:<\/strong><\/p>\n<\/blockquote>\n\n\n\n<blockquote class=\"wp-block-quote is-layout-flow wp-block-quote-is-layout-flow\">\n<p><strong>man\u017eelom Faj\u010d\u00e1kovcom O\u013ege a Tonovi, Milke \u0160imurdovej, Ru\u017eenke Pavl\u00e1kovej, Martu\u0161ke Puv\u00e1kovej i Katke Sumegovej, Berte Voz\u00e1rovej i Majke Kadlubovej, Bo\u017eke Kenderovej i Gitke Ivanovej, Terezke Kolen\u010d\u00edkovej i O\u013ege \u017dit\u0148\u00e1kovej, \u017dofke Rusn\u00e1kovej i Marte Benc\u00farovej, Kamke Volfovej i M. Jendru\u0161\u00e1kovej.<\/strong><\/p>\n<\/blockquote>\n\n\n\n<blockquote class=\"wp-block-quote is-layout-flow wp-block-quote-is-layout-flow\">\n<p><strong>Brig\u00e1da pri na\u0161om kostole nebola posledn\u00e1. Sme radi, \u017ee SA S NAMI E\u0160TE ST\u00c1LE R\u00c1TA&#8230;&nbsp; \u017ee vieme, chceme,&nbsp; radi a hrdo o odprezentujeme na\u0161u spolupatri\u010dnos\u0165 k r\u00edmskokatol\u00edckemu vierovyznaniu, \u017ee t\u00fdch vy\u0161e 90% veriacich&nbsp; sme tu vlastne i my&#8230;<\/strong><\/p>\n<\/blockquote>\n\n\n\n<blockquote class=\"wp-block-quote is-layout-flow wp-block-quote-is-layout-flow\">\n<p><\/p>\n<\/blockquote>\n\n\n\n<blockquote class=\"wp-block-quote is-layout-flow wp-block-quote-is-layout-flow\">\n<p><strong>V\u00fdbor MsO JDS N\u00e1mestovo<\/strong><\/p>\n<\/blockquote>\n","protected":false},"excerpt":{"rendered":"<p>\u010eakujeme vedeniu mesta N\u00e1mestovo za mo\u017enos\u0165 prezentova\u0165 na\u0161e aktivity v&nbsp;priestore hlavnej internetovej str\u00e1nky N\u00e1mestova &#8212;&#8212;&#8212;&#8212;&#8212;&#8212;&#8212;&#8212;&#8212;&#8212;&#8212;&#8212;&#8212;&#8212;&#8212;&#8212;&#8212;&#8212;&#8212;&#8212;&#8212;&#8212;&#8212;&#8212;&#8212;&#8212;&#8211; V\u00fdbor ZO JDS N\u00e1mestovo&nbsp;V\u00e1m vyslovuje srde\u010dn\u00e9 po\u010fakovanie.&nbsp;Za \u010do? Vo febru\u00e1ri sme sa iniciat\u00edvne chopili pr\u00edle\u017eitosti pom\u00f4c\u0165. Reagovali sme na v\u00fdzvu NO Depaul Slovensko, ktor\u00e1 u\u017e viac ako13 rokov pom\u00e1ha \u013eu\u010fom bez domova. Vo febru\u00e1ri boli krut\u00e9 mrazy. My sme vyzbierali [&hellip;]<\/p>\n","protected":false},"author":2,"featured_media":0,"parent":0,"menu_order":0,"comment_status":"closed","ping_status":"closed","template":"","meta":{"footnotes":""},"class_list":["post-108","page","type-page","status-publish","hentry"],"_links":{"self":[{"href":"https:\/\/jds.namestovo.sk\/index.php\/wp-json\/wp\/v2\/pages\/108","targetHints":{"allow":["GET"]}}],"collection":[{"href":"https:\/\/jds.namestovo.sk\/index.php\/wp-json\/wp\/v2\/pages"}],"about":[{"href":"https:\/\/jds.namestovo.sk\/index.php\/wp-json\/wp\/v2\/types\/page"}],"author":[{"embeddable":true,"href":"https:\/\/jds.namestovo.sk\/index.php\/wp-json\/wp\/v2\/users\/2"}],"replies":[{"embeddable":true,"href":"https:\/\/jds.namestovo.sk\/index.php\/wp-json\/wp\/v2\/comments?post=108"}],"version-history":[{"count":14,"href":"https:\/\/jds.namestovo.sk\/index.php\/wp-json\/wp\/v2\/pages\/108\/revisions"}],"predecessor-version":[{"id":761,"href":"https:\/\/jds.namestovo.sk\/index.php\/wp-json\/wp\/v2\/pages\/108\/revisions\/761"}],"wp:attachment":[{"href":"https:\/\/jds.namestovo.sk\/index.php\/wp-json\/wp\/v2\/media?parent=108"}],"curies":[{"name":"wp","href":"https:\/\/api.w.org\/{rel}","templated":true}]}}