{"id":8,"date":"2024-09-17T10:18:59","date_gmt":"2024-09-17T08:18:59","guid":{"rendered":"https:\/\/jds.namestovo.sk\/?page_id=8"},"modified":"2024-12-19T11:15:32","modified_gmt":"2024-12-19T10:15:32","slug":"informacie-o-jds-namestovo","status":"publish","type":"page","link":"https:\/\/jds.namestovo.sk\/index.php\/informacie-o-jds-namestovo\/","title":{"rendered":"Inform\u00e1cie o JDS N\u00e1mestovo"},"content":{"rendered":"\n<div class=\"wp-block-group has-global-padding is-layout-constrained wp-block-group-is-layout-constrained\">\n<h2 class=\"wp-block-heading has-text-color has-link-color has-large-font-size wp-elements-578b9043c8e33d38a06203c7482484b0\" style=\"color:#0000ff\"><strong>18.6.2023 &#8211; pokra\u010dujeme v aktivit\u00e1ch<\/strong><\/h2>\n\n\n\n<p>N\u00e1mestovsk\u00ed seniori maj\u00fa po 22. rokoch kone\u010dne svoj klub!<\/p>\n\n\n\n<p>V marci uplynulo 22 rokov odvtedy, ako bola v na\u0161om meste zalo\u017een\u00e1 MsO JDS. Najprv to bola skupina nieko\u013ek\u00fdch nad\u0161encov, nesk\u00f4r u\u017e zdru\u017eovala p\u00e1r desiatok seniorov. Takmer cel\u00e9 dve desa\u0165ro\u010dia sa formovala pod taktovkou Mgr. M\u00e1rie Adam\u010d\u00edkovej. Cel\u00e9 toto obdobie fungovala v r\u00f4znych provizori\u00e1ch od Magury, cez priestory v starej poliklinike, i v Katol\u00edckom dome, tie\u017e i v Dome kult\u00fary. Napriek tomu, \u017ee sme sa \u010dasto s\u0165ahovali, n\u00e1\u0161 po\u010det z roka na rok r\u00e1stol. Usilovne sme pracovali i v proviz\u00f3ri\u00e1ch. Okolit\u00e9 obecn\u00e9 organiz\u00e1cie mali kr\u00e1sne priestory, obce im \u017ei\u010dili. A my, ako die\u0165a od macochy! V\u0161ade sme len zavadzali.<\/p>\n\n\n\n<p>V roku 2021 prevzal \u0161tafetu nov\u00fd predseda J\u00e1n Pindjak. Rok 2022 bol rokom mnoh\u00fdch zmien. S rados\u0165ou sme prijali uvo\u013enenie covidov\u00fdch opatren\u00ed, ktor\u00e9 v nemalej miere ovplyvnili i n\u00e1\u0161 \u017eivot. Na\u0161e soci\u00e1lne kontakty boli ve\u013emi oslaben\u00e9. S ve\u013ek\u00fdm o\u010dak\u00e1van\u00edm sme prijali rozhodnutie n\u00e1\u0161ho mesta, t\u00fdkaj\u00face sa priestorov pre n\u00e1s seniorov. E\u0161te za p\u00f4sobenia prim\u00e1tora p. Hub\u00edka n\u00e1m bol ods\u00fahlasen\u00fd priestor v Dome kult\u00fary N\u00e1mestovo, predt\u00fdm pou\u017e\u00edvan\u00fd na komer\u010dn\u00e9 \u00fa\u010dely. S pomocou s\u00fa\u010dasn\u00e9ho vedenia mesta, vedenia DK a mnoh\u00fdch \u0161tedr\u00fdch darcov sa n\u00e1m po dlh\u00fdch rokoch podarilo vytvori\u0165 \u00fatuln\u00fd seniorsk\u00fd k\u00fatik. Ned\u00e1 n\u00e1m nespomen\u00fa\u0165 darcov \u2013 p. Jindrov\u00e1 a man\u017eelia Benc\u00farovci \u2013 n\u00e1m darovali n\u00e1bytok, ktor\u00fd na\u0161i \u0161ikovn\u00ed mu\u017ei z v\u00fdboru prisp\u00f4sobili nov\u00fdm priestorom. Priestory upravili a vyma\u013eovali tie\u017e na\u0161i \u0161ikovn\u00ed \u010dlenovia. \u010eakujeme firm\u00e1m U-MAX, EYA interi\u00e9r, N\u00e1bytku Palider, firme Keke\u013e\u00e1k, firme Sklen\u00e1rstvo Kurek, Domatra ale aj \u0160t\u00fadio F- Ing.Franti\u0161ek Te\u0165\u00e1k a mnoh\u00fdm \u010fal\u0161\u00edm, ktor\u00ed n\u00e1m dopomohli k tomu, \u017ee po dvadsiatich rokoch sa n\u00e1mestovsk\u00ed seniori m\u00f4\u017eu kone\u010dne te\u0161i\u0165 z d\u00f4stojn\u00e9ho a \u00fatuln\u00e9ho seniorsk\u00e9ho k\u00fatika. V na\u0161ich priestoroch jedenkr\u00e1t mesa\u010dne zad\u00e1 i Okresn\u00e1 rada JDS, zdru\u017euj\u00faca v s\u00fa\u010dasnosti 16 organiz\u00e1ci\u00ed. V priestoroch sa konaj\u00fa i na\u0161e v\u00fdborov\u00e9 sch\u00f4dze. MsO JDS m\u00e1 16 \u010dlenn\u00fd v\u00fdbor, ktor\u00e9ho \u010dlenovia, tzv. kontaktn\u00e9 osoby informuj\u00fa svojich \u010dlenov o akci\u00e1ch, ktor\u00e9 sa pripravuj\u00fa. V klube nacvi\u010dujeme spev, rob\u00edme ru\u010dn\u00e9 pr\u00e1ce, \u010d\u00edtame, recitujeme, cvi\u010d\u00edme jogu, rob\u00edme zdravotn\u00e9 predn\u00e1\u0161ky, besedy, meranie zraku a in\u00e9 aktivity. Touto cestou vyz\u00fdvame na\u0161ich \u010dlenov, aby prostredn\u00edctom svojich kontaktn\u00fdch os\u00f4b prispeli n\u00e1vrhmi in\u00fdch aktiv\u00edt, ktor\u00e9 by radi v t\u00fdchto priestoroch uv\u00edtali.<\/p>\n\n\n\n<p>Sme organiz\u00e1cia s nemal\u00fdm po\u010dtom \u010dlenov. Je n\u00e1s v s\u00fa\u010dasnosti 240! Na\u0161a \u010dinnos\u0165 je rozmanit\u00e1. Radi prilo\u017e\u00edme ruku k dielu pri brig\u00e1dach na n\u00e1bre\u017e\u00ed, cestou na Ran\u010d u Edyho, pri farskom kostole \u0160imona a J\u00fady.<\/p>\n\n\n\n<p>Organizujeme n\u00e1mestovsk\u00e9 zimn\u00e9 i letn\u00e9 \u0161portov\u00e9 hry seniorov, kolkov\u00e9, volejbalov\u00e9, stolnotenisov\u00e9, bowlingov\u00e9 s\u00fa\u0165a\u017ee. Nieko\u013ekokr\u00e1t ro\u010dne maj\u00fa na\u0161i seniori mo\u017enos\u0165 z\u00fa\u010dastni\u0165 sa k\u00fape\u013enych pobytov organizovan\u00fdch MsO JDS. Radi u\u017e\u00edvame i term\u00e1lne vody bl\u00edzkeho Meandra v Oraviciach i ne\u010falek\u00e9ho Aquaparku v Chocholove. Chyst\u00e1me aj v\u00fdlet, tak ako ka\u017edoro\u010dne pred covidom. Spolupracujeme i s miestnou KJ. Radi odovzd\u00e1vame na\u0161e rokmi nadobudnut\u00e9 sk\u00fasenosti pri spolupr\u00e1ci s Domom kult\u00fary N\u00e1mestovo a s Komunitn\u00fdm centrom N\u00e1mestovo. Na\u0161e \u010dlenky sa radi pochv\u00e1lia so svojimi v\u00fd\u0161ivkami a \u010dipkami, ktor\u00e9 prezentuj\u00fa na \u0160imono-J\u00fadskom jarmoku a Viano\u010dnom trhu.<\/p>\n\n\n\n<p>Spolu s mestom sa radi podie\u013eame na projekte &#8222;Spolupr\u00e1ca bez hran\u00edc&#8220; so zameran\u00edm na spolupr\u00e1cu seniorov. V takmer plnom po\u010dte sa stret\u00e1vame trikr\u00e1t do roka: vo febru\u00e1ri na v\u00fdro\u010dnej \u010dlenskej sch\u00f4dzi, na gul\u00e1\u0161i u Edyho v j\u00fani a v decembri na Mikul\u00e1\u0161skom ve\u010dierku.<\/p>\n\n\n\n<p>Sme radi, \u017ee sme s\u00fa\u010das\u0165ou n\u00e1\u0161ho mesta N\u00e1mestova a \u017ee sa s nami &#8222;e\u0161te st\u00e1le r\u00e1ta&#8220;.<\/p>\n\n\n\n<div class=\"wp-block-group has-global-padding is-layout-constrained wp-block-group-is-layout-constrained\">\n<h2 class=\"wp-block-heading is-style-asterisk has-text-color has-link-color wp-elements-13afd5aff663bd2ddf34c44023e50e8f\" style=\"color:#0000ff\"><strong>9.3.2017 Z ka\u017ed\u00e9ho ro\u017eka tro\u0161ka o MO JDS v N\u00e1mestove<\/strong><\/h2>\n\n\n\n<p>Sme naozaj aktu\u00e1lnym d\u00f4kazom demografick\u00e9ho v\u00fdvoja u n\u00e1s na Slovensku i tu v N\u00e1mestove. Na\u0161e po\u010dty z roka na rok rast\u00fa. Tak ako pri Mikul\u00e1\u0161skom poseden\u00ed vlani v decembri, tak i teraz na v\u00fdro\u010dnej sch\u00f4dzi praskal MsDK v N\u00e1mestove vo \u0161v\u00edkoch. My, seniori, m\u00e1me deficit spolo\u010dn\u00fdch i spolo\u010densk\u00fdch stretnut\u00ed, preto sa ka\u017ed\u00e1 na\u0161a akcia te\u0161\u00ed enormn\u00e9mu z\u00e1ujmu. MO JDS m\u00e1 u\u017e 200 \u010dlenov! Sme najv\u00e4\u010d\u0161ou organiz\u00e1ciou v okrese, akt\u00edvne spolupracujeme s dvan\u00e1stimi miestnymi organiz\u00e1ciami v r\u00e1mci okresu. Pr\u00edle\u017eitostne radi nav\u0161t\u00edvime na\u0161ich vrstovn\u00edkov v DD N\u00e1mestovo. Organizujeme a z\u00fa\u010dast\u0148ujeme sa letn\u00fdch i zimn\u00fdch \u0161portov\u00fdch hier nielen v r\u00e1mci okresu ale i kraja s pozoruhodn\u00fdmi v\u00fdsledkami. Ani kolk\u00e1rske s\u00fa\u0165a\u017ee nie s\u00fa n\u00e1m cudzie. Nieko\u013ekokr\u00e1t sme autobusom nav\u0161t\u00edvili Aqapark v Oraviciach i novovybudovan\u00fd are\u00e1l v ne\u010falekom po\u013eskom Chocholowe. V mnohom n\u00e1s obohatili predn\u00e1\u0161ky MUDr. J\u00faliusa \u0160ipo\u0161a z Centra zdrav\u00e9 srdce ako i MUDr. Miroslava \u017d\u00e1\u010dika z n\u00e1mestovskej pneumologickej ambulancie. Radi vyu\u017e\u00edvame aj mo\u017enos\u0165 k\u00fape\u013enej lie\u010dby so \u0161t\u00e1tnou dot\u00e1ciou v spolupr\u00e1ci s miestnymi JD v na\u0161om okrese. V spolupr\u00e1ci s TS N\u00e1mestovo radi nieko\u013ekokr\u00e1t ro\u010dne vy\u010dist\u00edme cestu na Ran\u010d u Edyho, n\u00e1bre\u017eie Oravskej priehrady i amfite\u00e1ter. Ani vzdel\u00e1vanie n\u00e1m nie je cudzie. Mnoh\u00ed na\u0161i seniori nav\u0161tevuj\u00fa UTV \/Univerzitu tretieho veku \u2013 tu v N\u00e1mestove pri Z\u0160 Komensk\u00e9ho\/a niektor\u00ed u\u017e dokonca bud\u00fa v tomto \u0161kolskom roku v j\u00fani na UK v Bratislave aj promovan\u00ed! Radi reprezentujeme na\u0161e mesto nielen v \u0161portov\u00fdch podujatiach ale i kult\u00farne. Na\u0161a \u010dlenka sa v r. 2016 z\u00fa\u010dastnila celoslovenskej prehliadky v prednese po\u00e9zie a pr\u00f3zy \u2013 Poetick\u00e1 Nitra. Skuto\u010dne vydarenou akciou bol i n\u00e1\u0161 jesenn\u00fd v\u00fdlet s t\u00e9mou Orava zn\u00e1ma i nezn\u00e1ma, ktor\u00fdm n\u00e1s sprev\u00e1dzala profesion\u00e1lna sprievodky\u0148a Mgr. Ru\u017eena Pilar\u010d\u00edkov\u00e1. Okrem n\u00e1v\u0161tevy Oravsk\u00e9ho hradu, pam\u00e4tihodnost\u00ed mesta Doln\u00fd Kub\u00edn, sme v tento de\u0148 nav\u0161t\u00edvili i M\u00fazeum oravskej dediny v Roh\u00e1\u010doch a v\u00fdlet sme ukon\u010dili tvrdo\u0161\u00ednskym dreven\u00fdm kostol\u00edkom V\u0161etk\u00fdch sv\u00e4t\u00fdch zap\u00edsan\u00fdm v Zozname kult\u00farnych pamiatok UNESCO. A mnoh\u00ed z n\u00e1s si vzdychli \u2013 ko\u013eko rokov \u2013 desa\u0165ro\u010d\u00ed \u2013 som tu nebol! Pozn\u00e1me i ne\u010falek\u00fa ART gal\u00e9ria Schurger v Tvrdo\u0161\u00edne. Radi cvi\u010d\u00edme v radoch RTVa\u0160 kalanetiku, v SO\u0160 N\u00e1mestovo jogu, radi e\u0161te derieme i turistick\u00e9 top\u00e1nky po ne\u010falek\u00fdch kr\u00e1snych chodn\u00ed\u010dkoch. Na\u0161i seniori sa u\u017e dnes te\u0161ia na \u0161portov\u00e9 popoludnie s gu\u013e\u00e1\u0161om od Edyho! Akci\u00ed nie je m\u00e1lo a ur\u010dite nepo\u013eav\u00edme! M\u00f4\u017eeme robi\u0165 najm\u00e4 v\u010faka Ms\u00da N\u00e1mestovo, ktor\u00fd n\u00e1m poskytuje klubov\u00e9 priestory v starej poliklinike, kde sa sch\u00e1dzame na predn\u00e1\u0161ky, pripravujeme program, dar\u010deky pre jubilantov a in\u00e9 ru\u010dn\u00e9 pr\u00e1ce. Rob\u00edme mal\u00e9 veci, ochotne s l\u00e1skou a nezi\u0161tne. Nako\u013eko na\u0161e finan\u010dn\u00e9 mo\u017enosti s\u00fa obmedzen\u00e9, bez sponzorsk\u00fdch \u201epozornost\u00ed\u201c by sme sa nezaobi\u0161li. Touto cestou chceme vyslovi\u0165 v\u010faku najm\u00e4 mestu N\u00e1mestovo, MsDK N\u00e1mestovo, TS N\u00e1mestovo, COOP Jednote N\u00e1mestovo, p. podnikate\u013eom \u2013 O. Jackul\u00edkovi, E. Dun\u010di\u010dovi, M. Gerekovi, I. Janckul\u00edkovi, \u013d. Planetovi, A. Sestrenekovi, F. Hrk\u013eovi, D. Melchyorimu a mnoh\u00fdm \u010fal\u0161\u00edm. A v\u0161etko je to tak preto, lebo na\u0161a \u010dinnos\u0165 je u\u017e roky koordinovan\u00e1 sk\u00fasenou rukou Mgr. M\u00e1rie Adam\u010d\u00edkovej a jej z\u00e1stupkyne Pavly Tur\u0148ovej. V\u010faka za ich skvel\u00fa taktovku.<\/p>\n\n\n\n<div class=\"wp-block-group has-global-padding is-layout-constrained wp-block-group-is-layout-constrained\">\n<h2 class=\"wp-block-heading has-text-color has-link-color wp-elements-cbbb6c5087a19801f57b7d5b24200d11\" style=\"color:#0000ff\"><strong>2016 Seniorsk\u00e9 okienko<\/strong><\/h2>\n\n\n\n<p>Starn\u00faci \u010dlovek si potrebuje zachova\u0165 pre pocit u\u017eito\u010dnosti a sebarealiz\u00e1cie primeran\u00fa \u010dinnos\u0165. Jednota d\u00f4chodcov v N\u00e1mestove m\u00e1 v s\u00fa\u010dasnosti cez 180 \u010dlenov, ktor\u00ed sa sna\u017eia vytv\u00e1ra\u0165 pre seba i in\u00fdch \u013eud\u00ed, ktor\u00ed u\u017e v \u017eivote stratili svoju dominantn\u00fa soci\u00e1lnu rolu, nov\u00e9 mo\u017enosti \u2013 mo\u017enosti druh\u00e9ho \u017eivotn\u00e9ho programu. Mnoh\u00fdm na\u0161im seniorsk\u00fdm rovesn\u00edkom ch\u00fdba zamestnaneck\u00e1 rola, s\u00fa postihnut\u00ed citovo, osamelos\u0165ou a niektor\u00ed aj nudou. Realizujeme sa preto v \u0161portov\u00fdch, kult\u00farnych, vzdel\u00e1vac\u00edch, spolo\u010densk\u00fdch i verejnoprospe\u0161n\u00fdch \u010dinnostiach v na\u0161om 8 tis. meste\u010dku.<\/p>\n<\/div>\n<\/div>\n<\/div>\n\n\n\n<p><\/p>\n","protected":false},"excerpt":{"rendered":"<p>18.6.2023 &#8211; pokra\u010dujeme v aktivit\u00e1ch N\u00e1mestovsk\u00ed seniori maj\u00fa po 22. rokoch kone\u010dne svoj klub! V marci uplynulo 22 rokov odvtedy, ako bola v na\u0161om meste zalo\u017een\u00e1 MsO JDS. Najprv to bola skupina nieko\u013ek\u00fdch nad\u0161encov, nesk\u00f4r u\u017e zdru\u017eovala p\u00e1r desiatok seniorov. Takmer cel\u00e9 dve desa\u0165ro\u010dia sa formovala pod taktovkou Mgr. M\u00e1rie Adam\u010d\u00edkovej. Cel\u00e9 toto obdobie fungovala [&hellip;]<\/p>\n","protected":false},"author":1,"featured_media":0,"parent":0,"menu_order":0,"comment_status":"closed","ping_status":"closed","template":"","meta":{"footnotes":""},"class_list":["post-8","page","type-page","status-publish","hentry"],"_links":{"self":[{"href":"https:\/\/jds.namestovo.sk\/index.php\/wp-json\/wp\/v2\/pages\/8","targetHints":{"allow":["GET"]}}],"collection":[{"href":"https:\/\/jds.namestovo.sk\/index.php\/wp-json\/wp\/v2\/pages"}],"about":[{"href":"https:\/\/jds.namestovo.sk\/index.php\/wp-json\/wp\/v2\/types\/page"}],"author":[{"embeddable":true,"href":"https:\/\/jds.namestovo.sk\/index.php\/wp-json\/wp\/v2\/users\/1"}],"replies":[{"embeddable":true,"href":"https:\/\/jds.namestovo.sk\/index.php\/wp-json\/wp\/v2\/comments?post=8"}],"version-history":[{"count":3,"href":"https:\/\/jds.namestovo.sk\/index.php\/wp-json\/wp\/v2\/pages\/8\/revisions"}],"predecessor-version":[{"id":760,"href":"https:\/\/jds.namestovo.sk\/index.php\/wp-json\/wp\/v2\/pages\/8\/revisions\/760"}],"wp:attachment":[{"href":"https:\/\/jds.namestovo.sk\/index.php\/wp-json\/wp\/v2\/media?parent=8"}],"curies":[{"name":"wp","href":"https:\/\/api.w.org\/{rel}","templated":true}]}}